{"id":23,"date":"2015-07-14T12:45:31","date_gmt":"2015-07-14T10:45:31","guid":{"rendered":"http:\/\/www.rad-fahren.at\/radanhaenger_wp1\/?page_id=23"},"modified":"2026-02-12T09:50:16","modified_gmt":"2026-02-12T08:50:16","slug":"hier-bekommst-du-radanhaenger","status":"publish","type":"page","link":"https:\/\/www.rad-fahren.at\/radanhaenger_wp1\/","title":{"rendered":"Hier gibt es Ihren Fahrradanh\u00e4nger"},"content":{"rendered":"<h4><span style=\"color: #cc0489;\"><strong><span style=\"color: #008000;\">Wir sind in Pension. <\/span><br \/>\n<span style=\"color: #008000;\">Die Produkte auf dieser Seite sind noch lagernd.<\/span><br \/>\n<span style=\"color: #008000;\">Der Lagerabverkauf erfolgt privat.<\/h4>\n<p><\/span><\/strong><\/span><span style=\"color: #008000;\">Alle Produkte auf den anderen Homepageseiten sind nicht mehr verf\u00fcgbar.<br \/>\nWir beraten gerne auch weiterhin\u00a0 kostenlos via Telefon.\u00a0<\/span><\/p>\n<h4><span style=\"color: #cc0489;\"><strong>Transportl\u00f6sungen:<br \/>\nflott, individuell, g\u00fcnstig, umweltfreundlich und sportlich !<\/strong><\/span><\/h4>\n<p>Die meisten Transporte k\u00f6nnen per Fahrrad erledigt werden. Orts- und Einkaufszentren, Baum\u00e4rkte und Nahversorger sind in der Regel nur 2-5 km entfernt. Ein praktischer Radanh\u00e4nger spart teure Autokilometer und vor allem CO<span style=\"font-size: 8pt;\">2<\/span>.<strong><br \/>\n\u00dcber 100 Radanh\u00e4nger stehen zur Auswahl!<\/strong><\/p>\n<table style=\"font-size: 16px;\">\n<tbody>\n<tr>\n<td style=\"background-color: #eb288c; border-color: #eb288c;\"><strong><span style=\"color: #ffffff;\">Fordern Sie unser attraktives Preisangebot f\u00fcr Ihre Auswahl an.<\/span><\/strong><\/td>\n<\/tr>\n<tr>\n<td style=\"background-color: #7ab71c; border-color: #7ab71c;\"><span style=\"color: #ffffff;\"><strong>Wir sind Ihr Ansprechpartner bei Steckachsen, Adaptern f\u00fcr Kupplungen und nat\u00fcrlich f\u00fcr Ihre Garantieanspr\u00fcche, wenn Sie Ihren Anh\u00e4nger von uns beziehen.<\/strong><\/span><\/td>\n<\/tr>\n<\/tbody>\n<\/table>\n<p style=\"text-align: left;\"><span style=\"color: #cc0489; font-size: 12pt;\"><strong><span style=\"font-size: 16pt;\"><span style=\"color: #cc0489;\"><span style=\"color: #ff0000;\"><a href=\"https:\/\/www.rad-fahren.at\/radanhaenger_wp1\/wp-content\/uploads\/lagernd-gleich-mitnehmen.jpg\"><img loading=\"lazy\" decoding=\"async\" class=\"wp-image-6468 alignleft\" src=\"https:\/\/www.rad-fahren.at\/radanhaenger_wp1\/wp-content\/uploads\/lagernd-gleich-mitnehmen.jpg\" alt=\"\" width=\"93\" height=\"73\" srcset=\"https:\/\/www.rad-fahren.at\/radanhaenger_wp1\/wp-content\/uploads\/lagernd-gleich-mitnehmen.jpg 959w, https:\/\/www.rad-fahren.at\/radanhaenger_wp1\/wp-content\/uploads\/lagernd-gleich-mitnehmen-300x237.jpg 300w, https:\/\/www.rad-fahren.at\/radanhaenger_wp1\/wp-content\/uploads\/lagernd-gleich-mitnehmen-150x119.jpg 150w, https:\/\/www.rad-fahren.at\/radanhaenger_wp1\/wp-content\/uploads\/lagernd-gleich-mitnehmen-768x608.jpg 768w\" sizes=\"auto, (max-width: 93px) 100vw, 93px\" \/><\/a><\/span><\/span><\/span><span style=\"font-size: 14pt;\">Diese Anh\u00e4nger <\/span><span style=\"font-size: 14pt;\">k\u00f6nnen Sie<\/span><br \/>\n<span style=\"font-size: 14pt;\">gleich mitnehmen:<\/span><\/strong><\/span><\/p>\n<table border=\"0\" cellspacing=\"0\">\n<tbody>\n<tr>\n<td style=\"vertical-align: middle;\"><a href=\"https:\/\/www.rad-fahren.at\/radanhaenger_wp1\/winther-donkey\/\"><img loading=\"lazy\" decoding=\"async\" class=\"alignnone wp-image-9366\" src=\"https:\/\/www.rad-fahren.at\/radanhaenger_wp1\/wp-content\/uploads\/Winther-Donkey-03-207x300.jpg\" alt=\"\" width=\"91\" height=\"132\" srcset=\"https:\/\/www.rad-fahren.at\/radanhaenger_wp1\/wp-content\/uploads\/Winther-Donkey-03-207x300.jpg 207w, https:\/\/www.rad-fahren.at\/radanhaenger_wp1\/wp-content\/uploads\/Winther-Donkey-03-103x150.jpg 103w, https:\/\/www.rad-fahren.at\/radanhaenger_wp1\/wp-content\/uploads\/Winther-Donkey-03.jpg 400w\" sizes=\"auto, (max-width: 91px) 100vw, 91px\" \/><\/a>\u00a0 \u00a0 <a href=\"https:\/\/www.rad-fahren.at\/radanhaenger_wp1\/wp-content\/uploads\/Winther-Donkey-16.jpg\"><img loading=\"lazy\" decoding=\"async\" class=\"alignnone wp-image-9355\" src=\"https:\/\/www.rad-fahren.at\/radanhaenger_wp1\/wp-content\/uploads\/Winther-Donkey-16-243x300.jpg\" alt=\"\" width=\"96\" height=\"119\" srcset=\"https:\/\/www.rad-fahren.at\/radanhaenger_wp1\/wp-content\/uploads\/Winther-Donkey-16-243x300.jpg 243w, https:\/\/www.rad-fahren.at\/radanhaenger_wp1\/wp-content\/uploads\/Winther-Donkey-16-121x150.jpg 121w, https:\/\/www.rad-fahren.at\/radanhaenger_wp1\/wp-content\/uploads\/Winther-Donkey-16.jpg 571w\" sizes=\"auto, (max-width: 96px) 100vw, 96px\" \/><\/a><br style=\"color: #ffffff;\" \/><a href=\"https:\/\/www.rad-fahren.at\/radanhaenger_wp1\/winther-donkey\/\">Winther Donkey<\/a><span style=\"color: #ffffff;\">\u00a0<\/span><\/td>\n<td style=\"vertical-align: bottom;\"><\/td>\n<td style=\"vertical-align: bottom;\"><a href=\"https:\/\/www.rad-fahren.at\/radanhaenger_wp1\/croozer-tuure\/\"><img loading=\"lazy\" decoding=\"async\" class=\"alignnone wp-image-9404\" src=\"https:\/\/www.rad-fahren.at\/radanhaenger_wp1\/wp-content\/uploads\/croozer_cargo_tuure_lava_red_deichsel_seitlich-300x181.jpg\" alt=\"\" width=\"169\" height=\"102\" srcset=\"https:\/\/www.rad-fahren.at\/radanhaenger_wp1\/wp-content\/uploads\/croozer_cargo_tuure_lava_red_deichsel_seitlich-300x181.jpg 300w, https:\/\/www.rad-fahren.at\/radanhaenger_wp1\/wp-content\/uploads\/croozer_cargo_tuure_lava_red_deichsel_seitlich-150x91.jpg 150w, https:\/\/www.rad-fahren.at\/radanhaenger_wp1\/wp-content\/uploads\/croozer_cargo_tuure_lava_red_deichsel_seitlich-768x464.jpg 768w, https:\/\/www.rad-fahren.at\/radanhaenger_wp1\/wp-content\/uploads\/croozer_cargo_tuure_lava_red_deichsel_seitlich.jpg 1040w\" sizes=\"auto, (max-width: 169px) 100vw, 169px\" \/><\/a><a href=\"https:\/\/www.rad-fahren.at\/radanhaenger_wp1\/wp-content\/uploads\/croozer_cargo_tuure_lifestyle_2022_2897_web_002-scaled.jpg\"><img loading=\"lazy\" decoding=\"async\" class=\"alignnone wp-image-11172\" src=\"https:\/\/www.rad-fahren.at\/radanhaenger_wp1\/wp-content\/uploads\/croozer_cargo_tuure_lifestyle_2022_2897_web_002-300x200.jpg\" alt=\"\" width=\"107\" height=\"71\" srcset=\"https:\/\/www.rad-fahren.at\/radanhaenger_wp1\/wp-content\/uploads\/croozer_cargo_tuure_lifestyle_2022_2897_web_002-300x200.jpg 300w, https:\/\/www.rad-fahren.at\/radanhaenger_wp1\/wp-content\/uploads\/croozer_cargo_tuure_lifestyle_2022_2897_web_002-150x100.jpg 150w, https:\/\/www.rad-fahren.at\/radanhaenger_wp1\/wp-content\/uploads\/croozer_cargo_tuure_lifestyle_2022_2897_web_002-768x512.jpg 768w, https:\/\/www.rad-fahren.at\/radanhaenger_wp1\/wp-content\/uploads\/croozer_cargo_tuure_lifestyle_2022_2897_web_002-1536x1024.jpg 1536w, https:\/\/www.rad-fahren.at\/radanhaenger_wp1\/wp-content\/uploads\/croozer_cargo_tuure_lifestyle_2022_2897_web_002-2048x1365.jpg 2048w\" sizes=\"auto, (max-width: 107px) 100vw, 107px\" \/><\/a><br \/>\n<a href=\"https:\/\/www.rad-fahren.at\/radanhaenger_wp1\/croozer-tuure\/\">Croozer Tuure<\/a> &#8211; der gefederte Gro\u00dfe<\/td>\n<\/tr>\n<tr>\n<td style=\"vertical-align: middle;\"><span style=\"color: #ffffff;\"><span style=\"font-size: 12pt;\"><strong><span style=\"font-size: 12pt; color: #ff0000;\">Aktion! \u00a0Nur 400,- \u20ac<\/span><\/strong><br \/>\n<a href=\"https:\/\/www.rad-fahren.at\/radanhaenger_wp1\/bob-reiseanhaenger-yak-ibex\/\"><img loading=\"lazy\" decoding=\"async\" class=\"alignnone wp-image-6082\" src=\"https:\/\/www.rad-fahren.at\/radanhaenger_wp1\/wp-content\/uploads\/BOB_YAK_500px-300x179.jpg\" alt=\"\" width=\"183\" height=\"109\" srcset=\"https:\/\/www.rad-fahren.at\/radanhaenger_wp1\/wp-content\/uploads\/BOB_YAK_500px-300x179.jpg 300w, https:\/\/www.rad-fahren.at\/radanhaenger_wp1\/wp-content\/uploads\/BOB_YAK_500px-150x89.jpg 150w, https:\/\/www.rad-fahren.at\/radanhaenger_wp1\/wp-content\/uploads\/BOB_YAK_500px.jpg 500w\" sizes=\"auto, (max-width: 183px) 100vw, 183px\" \/><\/a><br \/>\n<a href=\"https:\/\/www.rad-fahren.at\/radanhaenger_wp1\/bob-reiseanhaenger-yak-ibex\/\"><strong>BOB Yak<\/strong> (ohne Tasche)<\/a><br \/>\n<\/span><\/span><span style=\"color: #212121;\">Tipp: wasserdichte Tasche<br \/>\ngleich um 60,- \u20ac mitnehmen!<\/span><\/td>\n<td style=\"vertical-align: bottom;\"><\/td>\n<td style=\"vertical-align: middle;\"><a href=\"https:\/\/www.rad-fahren.at\/radanhaenger_wp1\/croozer-pakko\/\"><img loading=\"lazy\" decoding=\"async\" class=\"alignnone wp-image-9399\" src=\"https:\/\/www.rad-fahren.at\/radanhaenger_wp1\/wp-content\/uploads\/croozer_cargo_pakko_lava_red_deichsel-300x156.jpg\" alt=\"\" width=\"180\" height=\"95\" srcset=\"https:\/\/www.rad-fahren.at\/radanhaenger_wp1\/wp-content\/uploads\/croozer_cargo_pakko_lava_red_deichsel-300x156.jpg 300w, https:\/\/www.rad-fahren.at\/radanhaenger_wp1\/wp-content\/uploads\/croozer_cargo_pakko_lava_red_deichsel-150x78.jpg 150w, https:\/\/www.rad-fahren.at\/radanhaenger_wp1\/wp-content\/uploads\/croozer_cargo_pakko_lava_red_deichsel-768x400.jpg 768w, https:\/\/www.rad-fahren.at\/radanhaenger_wp1\/wp-content\/uploads\/croozer_cargo_pakko_lava_red_deichsel.jpg 1067w\" sizes=\"auto, (max-width: 180px) 100vw, 180px\" \/><\/a>\u00a0 \u00a0<a href=\"https:\/\/www.rad-fahren.at\/radanhaenger_wp1\/wp-content\/uploads\/croozer_cargo_tuure_lifestyle_2022_2897_web_002-scaled.jpg\"><img loading=\"lazy\" decoding=\"async\" class=\"alignnone wp-image-11172\" src=\"https:\/\/www.rad-fahren.at\/radanhaenger_wp1\/wp-content\/uploads\/croozer_cargo_tuure_lifestyle_2022_2897_web_002-300x200.jpg\" alt=\"\" width=\"107\" height=\"71\" srcset=\"https:\/\/www.rad-fahren.at\/radanhaenger_wp1\/wp-content\/uploads\/croozer_cargo_tuure_lifestyle_2022_2897_web_002-300x200.jpg 300w, https:\/\/www.rad-fahren.at\/radanhaenger_wp1\/wp-content\/uploads\/croozer_cargo_tuure_lifestyle_2022_2897_web_002-150x100.jpg 150w, https:\/\/www.rad-fahren.at\/radanhaenger_wp1\/wp-content\/uploads\/croozer_cargo_tuure_lifestyle_2022_2897_web_002-768x512.jpg 768w, https:\/\/www.rad-fahren.at\/radanhaenger_wp1\/wp-content\/uploads\/croozer_cargo_tuure_lifestyle_2022_2897_web_002-1536x1024.jpg 1536w, https:\/\/www.rad-fahren.at\/radanhaenger_wp1\/wp-content\/uploads\/croozer_cargo_tuure_lifestyle_2022_2897_web_002-2048x1365.jpg 2048w\" sizes=\"auto, (max-width: 107px) 100vw, 107px\" \/><\/a><br \/>\n<a href=\"https:\/\/www.rad-fahren.at\/radanhaenger_wp1\/croozer-pakko\/\">Croozer Pakko<\/a> &#8211; der Gro\u00dfe<\/td>\n<\/tr>\n<tr>\n<td style=\"vertical-align: middle;\"><a href=\"https:\/\/www.rad-fahren.at\/radanhaenger_wp1\/andersen-tura-shopper-29cm-luftrad\/\"><img loading=\"lazy\" decoding=\"async\" class=\"alignnone wp-image-7153\" src=\"https:\/\/www.rad-fahren.at\/radanhaenger_wp1\/wp-content\/uploads\/Tura-Shopper-29cm-Luft-FADO-136-143-91-155x300.jpg\" alt=\"\" width=\"78\" height=\"151\" srcset=\"https:\/\/www.rad-fahren.at\/radanhaenger_wp1\/wp-content\/uploads\/Tura-Shopper-29cm-Luft-FADO-136-143-91-155x300.jpg 155w, https:\/\/www.rad-fahren.at\/radanhaenger_wp1\/wp-content\/uploads\/Tura-Shopper-29cm-Luft-FADO-136-143-91-77x150.jpg 77w, https:\/\/www.rad-fahren.at\/radanhaenger_wp1\/wp-content\/uploads\/Tura-Shopper-29cm-Luft-FADO-136-143-91.jpg 370w\" sizes=\"auto, (max-width: 78px) 100vw, 78px\" \/><\/a> \u00a0<a href=\"https:\/\/www.rad-fahren.at\/radanhaenger_wp1\/wp-content\/uploads\/2017\/06\/Tura-Shopper-Titelbild.jpg\"><img loading=\"lazy\" decoding=\"async\" class=\"alignnone wp-image-3565\" src=\"https:\/\/www.rad-fahren.at\/radanhaenger_wp1\/wp-content\/uploads\/2017\/06\/Tura-Shopper-Titelbild-300x214.jpg\" alt=\"\" width=\"98\" height=\"70\" srcset=\"https:\/\/www.rad-fahren.at\/radanhaenger_wp1\/wp-content\/uploads\/2017\/06\/Tura-Shopper-Titelbild-300x214.jpg 300w, https:\/\/www.rad-fahren.at\/radanhaenger_wp1\/wp-content\/uploads\/2017\/06\/Tura-Shopper-Titelbild-150x107.jpg 150w, https:\/\/www.rad-fahren.at\/radanhaenger_wp1\/wp-content\/uploads\/2017\/06\/Tura-Shopper-Titelbild.jpg 456w\" sizes=\"auto, (max-width: 98px) 100vw, 98px\" \/><\/a><br \/>\n<a href=\"https:\/\/www.rad-fahren.at\/radanhaenger_wp1\/andersen-tura-shopper-29cm-luftrad\/\">Tura Shopper Fado<\/a><br \/>\nFado Tasche blau<br \/>\n29 cm Luftrad<\/td>\n<td style=\"vertical-align: bottom;\"><\/td>\n<td style=\"vertical-align: middle;\"><span style=\"color: #ff0000;\"><a href=\"https:\/\/www.rad-fahren.at\/radanhaenger_wp1\/croozer-kalle\/\"><img loading=\"lazy\" decoding=\"async\" class=\"alignnone wp-image-9399\" src=\"https:\/\/www.rad-fahren.at\/radanhaenger_wp1\/wp-content\/uploads\/croozer_cargo_pakko_lava_red_deichsel-300x156.jpg\" alt=\"\" width=\"180\" height=\"95\" srcset=\"https:\/\/www.rad-fahren.at\/radanhaenger_wp1\/wp-content\/uploads\/croozer_cargo_pakko_lava_red_deichsel-300x156.jpg 300w, https:\/\/www.rad-fahren.at\/radanhaenger_wp1\/wp-content\/uploads\/croozer_cargo_pakko_lava_red_deichsel-150x78.jpg 150w, https:\/\/www.rad-fahren.at\/radanhaenger_wp1\/wp-content\/uploads\/croozer_cargo_pakko_lava_red_deichsel-768x400.jpg 768w, https:\/\/www.rad-fahren.at\/radanhaenger_wp1\/wp-content\/uploads\/croozer_cargo_pakko_lava_red_deichsel.jpg 1067w\" sizes=\"auto, (max-width: 180px) 100vw, 180px\" \/><\/a>\u00a0 \u00a0<a href=\"https:\/\/www.rad-fahren.at\/radanhaenger_wp1\/wp-content\/uploads\/croozer_cargo_tuure_lifestyle_2022_2897_web_002-scaled.jpg\"><img loading=\"lazy\" decoding=\"async\" class=\"alignnone wp-image-11172\" src=\"https:\/\/www.rad-fahren.at\/radanhaenger_wp1\/wp-content\/uploads\/croozer_cargo_tuure_lifestyle_2022_2897_web_002-300x200.jpg\" alt=\"\" width=\"107\" height=\"71\" srcset=\"https:\/\/www.rad-fahren.at\/radanhaenger_wp1\/wp-content\/uploads\/croozer_cargo_tuure_lifestyle_2022_2897_web_002-300x200.jpg 300w, https:\/\/www.rad-fahren.at\/radanhaenger_wp1\/wp-content\/uploads\/croozer_cargo_tuure_lifestyle_2022_2897_web_002-150x100.jpg 150w, https:\/\/www.rad-fahren.at\/radanhaenger_wp1\/wp-content\/uploads\/croozer_cargo_tuure_lifestyle_2022_2897_web_002-768x512.jpg 768w, https:\/\/www.rad-fahren.at\/radanhaenger_wp1\/wp-content\/uploads\/croozer_cargo_tuure_lifestyle_2022_2897_web_002-1536x1024.jpg 1536w, https:\/\/www.rad-fahren.at\/radanhaenger_wp1\/wp-content\/uploads\/croozer_cargo_tuure_lifestyle_2022_2897_web_002-2048x1365.jpg 2048w\" sizes=\"auto, (max-width: 107px) 100vw, 107px\" \/><\/a><br \/>\n<a href=\"https:\/\/www.rad-fahren.at\/radanhaenger_wp1\/croozer-kalle\/\">Croozer Kalle<\/a> &#8211; der etwas Kleinere<\/span><\/td>\n<\/tr>\n<tr>\n<td style=\"vertical-align: middle;\"><\/td>\n<td style=\"vertical-align: bottom;\"><\/td>\n<td style=\"vertical-align: middle;\"><\/td>\n<\/tr>\n<tr>\n<td style=\"vertical-align: bottom;\"><\/td>\n<td style=\"vertical-align: top;\"><\/td>\n<td style=\"vertical-align: top;\"><\/td>\n<\/tr>\n<tr>\n<td style=\"vertical-align: middle;\"><\/td>\n<td style=\"vertical-align: bottom;\"><\/td>\n<td style=\"vertical-align: bottom;\"><\/td>\n<\/tr>\n<tr>\n<td style=\"vertical-align: bottom;\"><span style=\"font-size: 12pt;\"><span style=\"color: #ff0000;\"><span style=\"color: #000000;\"> <span style=\"font-size: 14pt; color: #ff0000;\">Beachten Sie auch unsere <\/span><br \/>\n<span style=\"font-size: 14pt;\">\u203a <a href=\"https:\/\/www.rad-fahren.at\/radanhaenger_wp1\/sale-kramuri\/\">Kramuri-Seite<\/a>.<\/span><br \/>\nManches bleibt \u00fcbrig.<br \/>\nUnterschiedliche Produkte<br \/>\nzu extrem g\u00fcnstigen Preisen.<\/span><\/span><\/span><\/td>\n<td style=\"vertical-align: bottom;\"><\/td>\n<td style=\"vertical-align: bottom;\"><\/td>\n<\/tr>\n<tr>\n<td style=\"vertical-align: middle;\">Der Aktionspreis gilt,<br \/>\nsolange die Produkte<br \/>\nbei uns lagernd sind.<\/td>\n<td style=\"vertical-align: bottom;\"><\/td>\n<td style=\"vertical-align: bottom;\"><\/td>\n<\/tr>\n<\/tbody>\n<\/table>\n<p>&nbsp;<\/p>\n","protected":false},"excerpt":{"rendered":"<p>Wir sind in Pension. Die Produkte auf dieser Seite sind noch lagernd. Der Lagerabverkauf erfolgt privat. Alle Produkte auf den anderen Homepageseiten sind nicht mehr verf\u00fcgbar. Wir beraten gerne auch weiterhin\u00a0 kostenlos via Telefon.\u00a0 Transportl\u00f6sungen: flott, individuell, g\u00fcnstig, umweltfreundlich und<\/p>\n","protected":false},"author":1,"featured_media":0,"parent":0,"menu_order":0,"comment_status":"closed","ping_status":"closed","template":"","meta":{"footnotes":""},"class_list":["post-23","page","type-page","status-publish","hentry"],"_links":{"self":[{"href":"https:\/\/www.rad-fahren.at\/radanhaenger_wp1\/wp-json\/wp\/v2\/pages\/23","targetHints":{"allow":["GET"]}}],"collection":[{"href":"https:\/\/www.rad-fahren.at\/radanhaenger_wp1\/wp-json\/wp\/v2\/pages"}],"about":[{"href":"https:\/\/www.rad-fahren.at\/radanhaenger_wp1\/wp-json\/wp\/v2\/types\/page"}],"author":[{"embeddable":true,"href":"https:\/\/www.rad-fahren.at\/radanhaenger_wp1\/wp-json\/wp\/v2\/users\/1"}],"replies":[{"embeddable":true,"href":"https:\/\/www.rad-fahren.at\/radanhaenger_wp1\/wp-json\/wp\/v2\/comments?post=23"}],"version-history":[{"count":940,"href":"https:\/\/www.rad-fahren.at\/radanhaenger_wp1\/wp-json\/wp\/v2\/pages\/23\/revisions"}],"predecessor-version":[{"id":11264,"href":"https:\/\/www.rad-fahren.at\/radanhaenger_wp1\/wp-json\/wp\/v2\/pages\/23\/revisions\/11264"}],"wp:attachment":[{"href":"https:\/\/www.rad-fahren.at\/radanhaenger_wp1\/wp-json\/wp\/v2\/media?parent=23"}],"curies":[{"name":"wp","href":"https:\/\/api.w.org\/{rel}","templated":true}]}}